{"id":382140,"date":"2025-05-13T10:36:50","date_gmt":"2023-07-18T16:30:52","guid":{"rendered":"https:\/\/www.indigo-lighting.com\/product\/lima-1-plus-3\/"},"modified":"2026-03-30T20:57:51","modified_gmt":"2026-03-30T18:57:51","slug":"lima-1-plus","status":"publish","type":"product","link":"https:\/\/www.indigo-lighting.com\/de\/product\/lima-1-plus\/","title":{"rendered":"LIMA 1 PLUS"},"content":{"rendered":"<ul>\n<li>Scheinwerfer f\u00fcr Akzentbeleuchtung.<\/li>\n<li>Adapter f\u00fcr Track\u00a0III SURFACE.<\/li>\n<li>2700K, 3000K oder 4000K nach Wahl \u00fcber einen Schalter auf der R\u00fcckseite der Leuchte.<\/li>\n<li>In der Leuchte integrierter nicht dimmbarer Konverter.<\/li>\n<li>Verwenden Sie bei Gl\u00e4sern f\u00fcr Lebensmittel die Farbtemperatur 3000K.<\/li>\n<li>Aufbaubasis TR241 separat bestellen.<\/li>\n<\/ul>\n","protected":false},"excerpt":{"rendered":"<p>Scheinwerfer f\u00fcr Akzentbeleuchtung. Adapter f\u00fcr Track\u00a0III SURFACE. 2700K, 3000K oder 4000K nach Wahl \u00fcber einen Schalter auf der R\u00fcckseite der Leuchte. In der Leuchte integrierter nicht dimmbarer Konverter. Verwenden Sie bei Gl\u00e4sern f\u00fcr Lebensmittel die Farbtemperatur 3000K. Aufbaubasis TR241 separat bestellen.<\/p>\n","protected":false},"featured_media":776683,"comment_status":"open","ping_status":"closed","template":"","meta":{"_acf_changed":false,"_relevanssi_hide_post":"","_relevanssi_hide_content":"","_relevanssi_pin_for_all":"","_relevanssi_pin_keywords":"","_relevanssi_unpin_keywords":"","_relevanssi_related_keywords":"","_relevanssi_related_include_ids":"","_relevanssi_related_exclude_ids":"","_relevanssi_related_no_append":"","_relevanssi_related_not_related":"","_relevanssi_related_posts":""},"product_brand":[],"product_cat":[65313,65328,33840,44373],"product_tag":[],"family":[],"class_list":{"0":"post-382140","1":"product","2":"type-product","3":"status-publish","4":"has-post-thumbnail","6":"product_cat-3-allumages-rails-projecteurs-interieur","7":"product_cat-3-phasen-de-stromschienensysteme-und-scheinwerfer-de-innenleuchten-de","8":"product_cat-rails-projecteurs-interieur","9":"product_cat-stromschienensysteme-und-scheinwerfer-de-innenleuchten-de","10":"pa_ac-dc-de-ac-230v","11":"pa_angle-d-inclinaison-de-90","12":"pa_angle-de-rotation-de-350","13":"pa_anti-vandalisme-de-nein","14":"pa_avec-prises-usb-de-keine","15":"pa_batterie-rechargeable-usb-de-nein","16":"pa_canal-web-de-yes","17":"pa_cellules-solaires-de-nein","18":"pa_classe-energetique-liste-de-energieklasse-f","19":"pa_conformite-ce-de-ce-genehmigung","20":"pa_convertisseur-inclus-de-inklusive-konverter","21":"pa_convertisseur-remplacable-de-treiber-von-einem-elektriker-austauschbar","22":"pa_couleur-de-schwarz-matt","23":"pa_couleur-de-weiss-matt","24":"pa_description-technique-de-lima-1-plus-25w-3000lm-40","25":"pa_description-technique-de-lima-1-plus-25w-3000lm-60","26":"pa_detecteur-de-mouvement-de-nein","27":"pa_diametre-de-71","28":"pa_dimmable-de-nein","29":"pa_duree-de-vie-de-l80b10-50-000h","30":"pa_garantie-de-5-jahre","31":"pa_hauteur-de-185","32":"pa_irc-ra-de-cri90","33":"pa_largeur-de-faisceau-de-40","34":"pa_largeur-de-faisceau-de-60","35":"pa_led-remplacable-de-led-von-einem-elektriker-austauschbar","36":"pa_lieu-de-montage-de-verwendung-nur-in-innenraeumen","37":"pa_matiere-corps-de-aluminium","38":"pa_montage-et-diffusion-de-nur-deckenmontage","39":"pa_nombre-de-sources-de-1","40":"pa_nombre-de-sources-norme-de-1","41":"pa_puissance-luminaire-de-25","42":"pa_reference-indigo-de-tr39505","43":"pa_reference-indigo-de-tr39530","44":"pa_reference-indigo-de-tr39605","45":"pa_reference-indigo-de-tr39630","46":"pa_rg-risque-photobiologique-de-rg1","47":"pa_surface-de-montage-de-decke","48":"pa_tarif-euro-de-15300","49":"pa_tarif-franc-suisse-de-15300","50":"pa_technologie-de-integrierte-led","51":"pa_temperature-de-couleur-de-wahl-der-farbtemperatur-2700-3000-4000k","52":"pa_test-au-fil-incandescent-de-850","53":"pa_type-de-montage-de-auf-schienen","54":"pa_type-de-selection-cct-de-auf-der-rueckseite-der-leuchte","55":"pa_type-de-variation-de-nicht-dimmbar","56":"pa_ugr-unified-glare-ratio-de-ugr-niedriger-als-19","57":"pa_ugr-unified-glare-ratio-de-ugr-niedriger-als-20","59":"first","60":"instock","61":"shipping-taxable","62":"purchasable","63":"product-type-variable"},"acf":[],"_links":{"self":[{"href":"https:\/\/www.indigo-lighting.com\/de\/wp-json\/wp\/v2\/product\/382140","targetHints":{"allow":["GET"]}}],"collection":[{"href":"https:\/\/www.indigo-lighting.com\/de\/wp-json\/wp\/v2\/product"}],"about":[{"href":"https:\/\/www.indigo-lighting.com\/de\/wp-json\/wp\/v2\/types\/product"}],"replies":[{"embeddable":true,"href":"https:\/\/www.indigo-lighting.com\/de\/wp-json\/wp\/v2\/comments?post=382140"}],"wp:featuredmedia":[{"embeddable":true,"href":"https:\/\/www.indigo-lighting.com\/de\/wp-json\/wp\/v2\/media\/776683"}],"wp:attachment":[{"href":"https:\/\/www.indigo-lighting.com\/de\/wp-json\/wp\/v2\/media?parent=382140"}],"wp:term":[{"taxonomy":"product_brand","embeddable":true,"href":"https:\/\/www.indigo-lighting.com\/de\/wp-json\/wp\/v2\/product_brand?post=382140"},{"taxonomy":"product_cat","embeddable":true,"href":"https:\/\/www.indigo-lighting.com\/de\/wp-json\/wp\/v2\/product_cat?post=382140"},{"taxonomy":"product_tag","embeddable":true,"href":"https:\/\/www.indigo-lighting.com\/de\/wp-json\/wp\/v2\/product_tag?post=382140"},{"taxonomy":"family","embeddable":true,"href":"https:\/\/www.indigo-lighting.com\/de\/wp-json\/wp\/v2\/family?post=382140"}],"curies":[{"name":"wp","href":"https:\/\/api.w.org\/{rel}","templated":true}]}}